{"id":12,"date":"2021-05-12T11:27:58","date_gmt":"2021-05-12T11:27:58","guid":{"rendered":"https:\/\/az-elektro-baumgart.de\/?page_id=12"},"modified":"2025-05-25T09:31:34","modified_gmt":"2025-05-25T09:31:34","slug":"home","status":"publish","type":"page","link":"https:\/\/az-elektro-baumgart.de\/de\/","title":{"rendered":"Home"},"content":{"rendered":"\n<div class=\"wp-block-cover alignfull is-light hestia-clear-top-padding\"><span aria-hidden=\"true\" class=\"wp-block-cover__background has-white-background-color has-background-dim-100 has-background-dim\"><\/span><div class=\"wp-block-cover__inner-container is-layout-flow wp-block-cover-is-layout-flow\">\n<h2 class=\"wp-block-heading has-text-align-center has-text-color\" id=\"unsereLeistungen\" style=\"color:#3c4858\">Von der PV-Anlage bis zur W\u00e4rmepumpe aus einer Hand.<\/h2>\n\n\n\n<div style=\"height:40px\" aria-hidden=\"true\" class=\"wp-block-spacer\"><\/div>\n\n\n\n<div class=\"wp-block-columns container is-layout-flex wp-container-core-columns-is-layout-9d6595d7 wp-block-columns-is-layout-flex\">\n<div class=\"wp-block-column is-layout-flow wp-block-column-is-layout-flow\">\n<div class=\"wp-block-image img_pictomenue\">\n<figure class=\"aligncenter size-large\"><a href=\"tel:+49 30 7680 3322\"><img loading=\"lazy\" decoding=\"async\" src=\"https:\/\/az-elektro-baumgart.de\/wp-content\/uploads\/2022\/08\/Van-PNG-02-300x300.png\" alt=\"\" class=\"alignnone wp-image-618\" width=\"150\" height=\"149\" srcset=\"https:\/\/az-elektro-baumgart.de\/wp-content\/uploads\/2022\/08\/Van-PNG-02-300x300.png 300w, https:\/\/az-elektro-baumgart.de\/wp-content\/uploads\/2022\/08\/Van-PNG-02-1024x1019.png 1024w, https:\/\/az-elektro-baumgart.de\/wp-content\/uploads\/2022\/08\/Van-PNG-02-150x150.png 150w, https:\/\/az-elektro-baumgart.de\/wp-content\/uploads\/2022\/08\/Van-PNG-02-768x764.png 768w, https:\/\/az-elektro-baumgart.de\/wp-content\/uploads\/2022\/08\/Van-PNG-02-1536x1529.png 1536w, https:\/\/az-elektro-baumgart.de\/wp-content\/uploads\/2022\/08\/Van-PNG-02.png 1709w\" sizes=\"auto, (max-width: 150px) 100vw, 150px\" \/><\/a><\/figure>\n<\/div>\n\n\n\n<h5 class=\"wp-block-heading has-text-align-center has-text-color\" style=\"color:#3c4858;font-size:18px\">Rufnummer Elektriker<br><br>Tel.: 030 7680 3322<\/h5>\n\n\n\n<p class=\"has-text-align-center has-text-color has-normal-font-size\" style=\"color:#999999\">Sie ben\u00f6tigen einen Kundendienstmonteur? Starten Sie einen Anruf \u00fcber das gr\u00fcne Transporter-Symbol und vereinbaren Sie einen Termin mit einem Kundendiensttechniker.<\/p>\n\n\n\n<div style=\"height:25px\" aria-hidden=\"true\" class=\"wp-block-spacer\"><\/div>\n<\/div>\n\n\n\n<div class=\"wp-block-column is-layout-flow wp-block-column-is-layout-flow\">\n<div class=\"wp-block-image img_pictomenue\">\n<figure class=\"aligncenter size-large\"><a href=\"https:\/\/az-elektro-baumgart.de\/elektro-meisterbetrieb\/\"><img loading=\"lazy\" decoding=\"async\" src=\"https:\/\/az-elektro-baumgart.de\/wp-content\/uploads\/2021\/10\/Master-LogoTransparent-1008x1024.png\" alt=\"\" class=\"alignnone wp-image-437\" width=\"150\" height=\"147\" \/><\/a><\/figure>\n<\/div>\n\n\n\n<h5 class=\"wp-block-heading has-text-align-center has-text-color\" style=\"color:#3c4858;font-size:18px\">Elektro &#8211; Meisterbetrieb<\/h5>\n\n\n\n<p> <\/p>\n\n\n\n<p class=\"has-text-align-center has-text-color has-link-color wp-elements-97dd6227053c822b6edb9389cf65cc97\" style=\"color:#3c4858\"><strong>E-Mail:<\/strong> <a href=\"mailto:post@az-e.de\">post@az-e.de<\/a><\/p>\n\n\n\n<p class=\"has-text-align-center has-text-color has-normal-font-size\" style=\"color:#999999\">Elektroinstallation und Reparaturen, eingetragen im Installateurverzeichnis der <a href=\"https:\/\/az-elektro-baumgart.de\/das-stromnetz-sicher-nutzen\/\" target=\"_blank\" rel=\"noreferrer noopener\">Stromnetz<\/a> Berlin GmbH (BEWAG Konzession) und autorisierter Markenh\u00e4ndler.<\/p>\n\n\n\n<div style=\"height:25px\" aria-hidden=\"true\" class=\"wp-block-spacer\"><\/div>\n<\/div>\n\n\n\n<div class=\"wp-block-column is-layout-flow wp-block-column-is-layout-flow\">\n<div class=\"wp-block-image img_pictomenue\">\n<figure class=\"aligncenter size-full\"><a href=\"tel:+49 177 3567 047\"><img loading=\"lazy\" decoding=\"async\" src=\"https:\/\/az-elektro-baumgart.de\/wp-content\/uploads\/2022\/08\/Electrical-Worker-PNG-01-150x150.png\" alt=\"\" class=\"alignnone wp-image-620\" width=\"150\" height=\"148\" srcset=\"https:\/\/az-elektro-baumgart.de\/wp-content\/uploads\/2022\/08\/Electrical-Worker-PNG-01-300x295.png 300w, https:\/\/az-elektro-baumgart.de\/wp-content\/uploads\/2022\/08\/Electrical-Worker-PNG-01-1024x1007.png 1024w, https:\/\/az-elektro-baumgart.de\/wp-content\/uploads\/2022\/08\/Electrical-Worker-PNG-01-768x755.png 768w, https:\/\/az-elektro-baumgart.de\/wp-content\/uploads\/2022\/08\/Electrical-Worker-PNG-01.png 1034w\" sizes=\"auto, (max-width: 150px) 100vw, 150px\" \/><\/a><\/figure>\n<\/div>\n\n\n\n<h5 class=\"wp-block-heading has-text-align-center has-text-color\" style=\"color:#3c4858;font-size:18px\">Notdienst Monteur anfordern<br><br>Mobil: 0177 3567 047<\/h5>\n\n\n\n<p class=\"has-text-align-center has-text-color has-normal-font-size\" style=\"color:#999999\">F\u00fcr die Anforderung eines Notdienstmonteurs, z. B. bei einem Stromausfall, setzen Sie sich mit einem Klick auf das rote Symbol telefonisch mit uns in Verbindung. <\/p>\n\n\n\n<div style=\"height:25px\" aria-hidden=\"true\" class=\"wp-block-spacer\"><\/div>\n<\/div>\n<\/div>\n\n\n\n<div class=\"wp-block-columns container is-layout-flex wp-container-core-columns-is-layout-9d6595d7 wp-block-columns-is-layout-flex\">\n<div class=\"wp-block-column is-layout-flow wp-block-column-is-layout-flow\"><div class=\"wp-block-image img_pictomenue\">\n<figure class=\"aligncenter size-medium is-resized\"><a href=\"https:\/\/az-elektro-baumgart.de\/automatisierung\/\"><img loading=\"lazy\" decoding=\"async\" width=\"300\" height=\"266\" src=\"https:\/\/az-elektro-baumgart.de\/wp-content\/uploads\/2022\/08\/Daisy-Chain-Icons-PNG-17-300x266.png\" alt=\"\" class=\"wp-image-601\" style=\"width:150px;height:133px\" srcset=\"https:\/\/az-elektro-baumgart.de\/wp-content\/uploads\/2022\/08\/Daisy-Chain-Icons-PNG-17-300x266.png 300w, https:\/\/az-elektro-baumgart.de\/wp-content\/uploads\/2022\/08\/Daisy-Chain-Icons-PNG-17-1024x908.png 1024w, https:\/\/az-elektro-baumgart.de\/wp-content\/uploads\/2022\/08\/Daisy-Chain-Icons-PNG-17-768x681.png 768w, https:\/\/az-elektro-baumgart.de\/wp-content\/uploads\/2022\/08\/Daisy-Chain-Icons-PNG-17.png 1035w\" sizes=\"auto, (max-width: 300px) 100vw, 300px\" \/><\/a><\/figure>\n<\/div>\n\n\n<h5 class=\"wp-block-heading has-text-align-center has-text-color\" style=\"color:#3c4858;font-size:18px\">Automatisierung<\/h5>\n\n\n\n<p class=\"has-text-align-center has-text-color has-normal-font-size\" style=\"color:#999999\">Wir optimieren Ihre speicherprogrammierbare Steuerungen (SPS) sowie den Produktions-Prozess. Von der Steuerungs- \u00fcber die Antriebstechnik bis hin zur Validierung.<\/p>\n\n\n\n<p><\/p>\n<\/div>\n\n\n\n<div class=\"wp-block-column is-layout-flow wp-block-column-is-layout-flow\"><div class=\"wp-block-image img_pictomenue\">\n<figure class=\"aligncenter size-medium is-resized\"><a href=\"https:\/\/az-elektro-baumgart.de\/elektroanlagenbau\/\"><img loading=\"lazy\" decoding=\"async\" width=\"300\" height=\"266\" src=\"https:\/\/az-elektro-baumgart.de\/wp-content\/uploads\/2022\/08\/Daisy-Chain-Icons-PNG-16-300x266.png\" alt=\"\" class=\"wp-image-598\" style=\"width:150px;height:133px\" srcset=\"https:\/\/az-elektro-baumgart.de\/wp-content\/uploads\/2022\/08\/Daisy-Chain-Icons-PNG-16-300x266.png 300w, https:\/\/az-elektro-baumgart.de\/wp-content\/uploads\/2022\/08\/Daisy-Chain-Icons-PNG-16-1024x908.png 1024w, https:\/\/az-elektro-baumgart.de\/wp-content\/uploads\/2022\/08\/Daisy-Chain-Icons-PNG-16-768x681.png 768w, https:\/\/az-elektro-baumgart.de\/wp-content\/uploads\/2022\/08\/Daisy-Chain-Icons-PNG-16.png 1035w\" sizes=\"auto, (max-width: 300px) 100vw, 300px\" \/><\/a><\/figure>\n<\/div>\n\n\n<h5 class=\"wp-block-heading has-text-align-center has-text-color\" style=\"color:#3c4858;font-size:18px\">Elektroanlagenbau<\/h5>\n\n\n\n<p class=\"has-text-align-center has-text-color has-normal-font-size\" style=\"color:#999999\">Egal, ob es um eine Basis-Elektroinstallation in Ihrer Immobilie geht oder um ein umfassendes Beleuchtungs- und Elektrokonzept: Wir stehen Ihnen als zuverl\u00e4ssiger Partner zur Seite.<\/p>\n\n\n\n<div style=\"height:25px\" aria-hidden=\"true\" class=\"wp-block-spacer\"><\/div>\n<\/div>\n\n\n\n<div class=\"wp-block-column is-layout-flow wp-block-column-is-layout-flow\"><div class=\"wp-block-image img_pictomenue\">\n<figure class=\"aligncenter size-medium is-resized\"><a href=\"https:\/\/az-elektro-baumgart.de\/elektromobilitaet\/\"><img loading=\"lazy\" decoding=\"async\" width=\"300\" height=\"266\" src=\"https:\/\/az-elektro-baumgart.de\/wp-content\/uploads\/2022\/08\/Daisy-Chain-Icons-PNG-18-300x266.png\" alt=\"\" class=\"wp-image-604\" style=\"width:150px;height:133px\" srcset=\"https:\/\/az-elektro-baumgart.de\/wp-content\/uploads\/2022\/08\/Daisy-Chain-Icons-PNG-18-300x266.png 300w, https:\/\/az-elektro-baumgart.de\/wp-content\/uploads\/2022\/08\/Daisy-Chain-Icons-PNG-18-1024x908.png 1024w, https:\/\/az-elektro-baumgart.de\/wp-content\/uploads\/2022\/08\/Daisy-Chain-Icons-PNG-18-768x681.png 768w, https:\/\/az-elektro-baumgart.de\/wp-content\/uploads\/2022\/08\/Daisy-Chain-Icons-PNG-18.png 1035w\" sizes=\"auto, (max-width: 300px) 100vw, 300px\" \/><\/a><\/figure>\n<\/div>\n\n\n<h5 class=\"wp-block-heading has-text-align-center has-text-color\" style=\"color:#3c4858;font-size:18px\">Elektromobilit\u00e4t<\/h5>\n\n\n\n<p class=\"has-text-align-center has-text-color has-normal-font-size\" style=\"color:#999999\">Ihr individuelles E-Mobilit\u00e4ts-Konzept: Wir realisieren Ladeinfrastruktur mit Lastmanagement, installieren Ladestationen und Wandladestationen (Wallbox). <\/p>\n\n\n\n<div style=\"height:25px\" aria-hidden=\"true\" class=\"wp-block-spacer\"><\/div>\n<\/div>\n<\/div>\n\n\n\n<div class=\"wp-block-columns container is-layout-flex wp-container-core-columns-is-layout-9d6595d7 wp-block-columns-is-layout-flex\">\n<div class=\"wp-block-column is-layout-flow wp-block-column-is-layout-flow\"><div class=\"wp-block-image img_pictomenue\">\n<figure class=\"aligncenter size-medium is-resized\"><a href=\"https:\/\/az-elektro-baumgart.de\/photovoltaikanlage\/\"><img loading=\"lazy\" decoding=\"async\" width=\"297\" height=\"300\" src=\"https:\/\/az-elektro-baumgart.de\/wp-content\/uploads\/2022\/08\/Solar-Home-Logo-PNG-02-297x300.png\" alt=\"\" class=\"wp-image-660\" style=\"width:149px;height:150px\" srcset=\"https:\/\/az-elektro-baumgart.de\/wp-content\/uploads\/2022\/08\/Solar-Home-Logo-PNG-02-297x300.png 297w, https:\/\/az-elektro-baumgart.de\/wp-content\/uploads\/2022\/08\/Solar-Home-Logo-PNG-02.png 448w\" sizes=\"auto, (max-width: 297px) 100vw, 297px\" \/><\/a><\/figure>\n<\/div>\n\n\n<h5 class=\"wp-block-heading has-text-align-center has-text-color\" style=\"color:#3c4858;font-size:18px\">Photovoltaikanlage<\/h5>\n\n\n\n<p class=\"has-text-align-center has-text-color has-normal-font-size\" style=\"color:#999999\">Erreichen Sie mit einem Stromspeicher f\u00fcr Ihre PV-Anlage mehr Unabh\u00e4ngigkeit. Mit dem Einsatz eines Lastmanagements wird die Speicherung der elektrischen Energie zwischen Elektroauto und Speicher geregelt.<\/p>\n\n\n\n<div style=\"height:25px\" aria-hidden=\"true\" class=\"wp-block-spacer\"><\/div>\n<\/div>\n\n\n\n<div class=\"wp-block-column is-layout-flow wp-block-column-is-layout-flow\"><div class=\"wp-block-image img_pictomenue\">\n<figure class=\"aligncenter size-medium is-resized\"><a href=\"https:\/\/az-elektro-baumgart.de\/eneuerbare-engerien\/\"><img loading=\"lazy\" decoding=\"async\" width=\"300\" height=\"266\" src=\"https:\/\/az-elektro-baumgart.de\/wp-content\/uploads\/2022\/08\/Daisy-Chain-Icons-PNG-21-300x266.png\" alt=\"\" class=\"wp-image-613\" style=\"width:150px;height:133px\" srcset=\"https:\/\/az-elektro-baumgart.de\/wp-content\/uploads\/2022\/08\/Daisy-Chain-Icons-PNG-21-300x266.png 300w, https:\/\/az-elektro-baumgart.de\/wp-content\/uploads\/2022\/08\/Daisy-Chain-Icons-PNG-21-1024x908.png 1024w, https:\/\/az-elektro-baumgart.de\/wp-content\/uploads\/2022\/08\/Daisy-Chain-Icons-PNG-21-768x681.png 768w, https:\/\/az-elektro-baumgart.de\/wp-content\/uploads\/2022\/08\/Daisy-Chain-Icons-PNG-21.png 1035w\" sizes=\"auto, (max-width: 300px) 100vw, 300px\" \/><\/a><\/figure>\n<\/div>\n\n\n<h5 class=\"wp-block-heading has-text-align-center has-text-color\" style=\"color:#3c4858;font-size:18px\">Erneuerbare Energien<\/h5>\n\n\n\n<p class=\"has-text-align-center has-text-color has-normal-font-size\" style=\"color:#999999\">Vermeiden Sie einen unwirtschaftlichen Betrieb mit erneuerbaren Energien. Wir erreichen mit einem intelligenten Lastmanagement, dass Ihre Photovoltaikanlagen effizient in Verbindung mit Stromspeicher und Elektroauto betrieben werden.<\/p>\n<\/div>\n\n\n\n<div class=\"wp-block-column is-layout-flow wp-block-column-is-layout-flow\"><div class=\"wp-block-image img_pictomenue\">\n<figure class=\"aligncenter size-medium is-resized\"><a href=\"https:\/\/az-elektro-baumgart.de\/heat-pump-cool\/\"><img loading=\"lazy\" decoding=\"async\" width=\"300\" height=\"266\" src=\"https:\/\/az-elektro-baumgart.de\/wp-content\/uploads\/2022\/08\/Daisy-Chain-Icons-PNG-22-300x266.png\" alt=\"\" class=\"wp-image-626\" style=\"width:150px;height:133px\" srcset=\"https:\/\/az-elektro-baumgart.de\/wp-content\/uploads\/2022\/08\/Daisy-Chain-Icons-PNG-22-300x266.png 300w, https:\/\/az-elektro-baumgart.de\/wp-content\/uploads\/2022\/08\/Daisy-Chain-Icons-PNG-22-1024x908.png 1024w, https:\/\/az-elektro-baumgart.de\/wp-content\/uploads\/2022\/08\/Daisy-Chain-Icons-PNG-22-768x681.png 768w, https:\/\/az-elektro-baumgart.de\/wp-content\/uploads\/2022\/08\/Daisy-Chain-Icons-PNG-22.png 1035w\" sizes=\"auto, (max-width: 300px) 100vw, 300px\" \/><\/a><\/figure>\n<\/div>\n\n\n<h5 class=\"wp-block-heading has-text-align-center has-text-color\" style=\"color:#3c4858;font-size:18px\">Klimatechnik W\u00e4rmepumpen<\/h5>\n\n\n\n<p class=\"has-text-align-center has-text-color has-normal-font-size\" style=\"color:#999999\">Der Kostenfaktor einer W\u00e4rmepumpe h\u00e4ngt von der W\u00e4rmequelle ab (Sole, Luft, Wasser). Eine Wasser-W\u00e4rmepumpe ben\u00f6tigt z. B. ein Wasserreservoir. Eine Luft-W\u00e4rmepumpe kann hingegen \u00fcberall installiert werden. Wir beraten Sie!<\/p>\n\n\n\n<div style=\"height:25px\" aria-hidden=\"true\" class=\"wp-block-spacer\"><\/div>\n<\/div>\n<\/div>\n\n\n\n<div class=\"wp-block-columns container is-layout-flex wp-container-core-columns-is-layout-9d6595d7 wp-block-columns-is-layout-flex\">\n<div class=\"wp-block-column is-layout-flow wp-block-column-is-layout-flow\"><div class=\"wp-block-image img_pictomenue\">\n<figure class=\"aligncenter size-medium is-resized\"><a href=\"https:\/\/az-elektro-baumgart.de\/energieeffizienz\/\"><img loading=\"lazy\" decoding=\"async\" width=\"300\" height=\"266\" src=\"https:\/\/az-elektro-baumgart.de\/wp-content\/uploads\/2022\/08\/Daisy-Chain-Icons-PNG-19-300x266.png\" alt=\"\" class=\"wp-image-607\" style=\"width:150px;height:133px\" srcset=\"https:\/\/az-elektro-baumgart.de\/wp-content\/uploads\/2022\/08\/Daisy-Chain-Icons-PNG-19-300x266.png 300w, https:\/\/az-elektro-baumgart.de\/wp-content\/uploads\/2022\/08\/Daisy-Chain-Icons-PNG-19-1024x908.png 1024w, https:\/\/az-elektro-baumgart.de\/wp-content\/uploads\/2022\/08\/Daisy-Chain-Icons-PNG-19-768x681.png 768w, https:\/\/az-elektro-baumgart.de\/wp-content\/uploads\/2022\/08\/Daisy-Chain-Icons-PNG-19.png 1035w\" sizes=\"auto, (max-width: 300px) 100vw, 300px\" \/><\/a><\/figure>\n<\/div>\n\n\n<h5 class=\"wp-block-heading has-text-align-center has-text-color\" style=\"color:#3c4858;font-size:18px\">Energieeffizienz<\/h5>\n\n\n\n<p class=\"has-text-align-center has-text-color has-normal-font-size\" style=\"color:#999999\">Verschiedene Energieeffizienzsiegel und F\u00f6rderprogramme lassen Sie, als Immobilienbesitzer oft im Unklaren dar\u00fcber, welche Voraussetzungen zu erf\u00fcllen sind. Wir kl\u00e4ren Fragen rund um  Energieeffizienz und beraten Sie, wie die Richtlinien erf\u00fcllt werden k\u00f6nnen. <\/p>\n\n\n\n<div style=\"height:25px\" aria-hidden=\"true\" class=\"wp-block-spacer\"><\/div>\n<\/div>\n\n\n\n<div class=\"wp-block-column is-layout-flow wp-block-column-is-layout-flow\"><div class=\"wp-block-image img_pictomenue\">\n<figure class=\"aligncenter size-medium is-resized\"><a href=\"https:\/\/az-elektro-baumgart.de\/beleuchtung\/\"><img loading=\"lazy\" decoding=\"async\" width=\"300\" height=\"266\" src=\"https:\/\/az-elektro-baumgart.de\/wp-content\/uploads\/2022\/08\/Daisy-Chain-Icons-PNG-20-1-300x266.png\" alt=\"\" class=\"wp-image-670\" style=\"width:150px;height:133px\" srcset=\"https:\/\/az-elektro-baumgart.de\/wp-content\/uploads\/2022\/08\/Daisy-Chain-Icons-PNG-20-1-300x266.png 300w, https:\/\/az-elektro-baumgart.de\/wp-content\/uploads\/2022\/08\/Daisy-Chain-Icons-PNG-20-1-1024x908.png 1024w, https:\/\/az-elektro-baumgart.de\/wp-content\/uploads\/2022\/08\/Daisy-Chain-Icons-PNG-20-1-768x681.png 768w, https:\/\/az-elektro-baumgart.de\/wp-content\/uploads\/2022\/08\/Daisy-Chain-Icons-PNG-20-1.png 1035w\" sizes=\"auto, (max-width: 300px) 100vw, 300px\" \/><\/a><\/figure>\n<\/div>\n\n\n<h5 class=\"wp-block-heading has-text-align-center has-text-color\" style=\"color:#3c4858;font-size:18px\">Beleuchtung<\/h5>\n\n\n\n<p class=\"has-text-align-center has-text-color has-normal-font-size\" style=\"color:#999999\">Bei Beleuchtungsprojekten spielen nicht nur Design und \u00c4sthetik eine Rolle. Auch die Anordnung von Beleuchtungsanschl\u00fcssen und sicherheitsrelevante Aspekte sind wichtig. Mit unserer langj\u00e4hrigen Erfahrung beraten wir Sie gerne mit fachlicher Kompetenz bei Ihrem Beleuchtungs-Projekt.<\/p>\n\n\n\n<div style=\"height:25px\" aria-hidden=\"true\" class=\"wp-block-spacer\"><\/div>\n<\/div>\n\n\n\n<div class=\"wp-block-column is-layout-flow wp-block-column-is-layout-flow\"><div class=\"wp-block-image img_pictomenue\">\n<figure class=\"aligncenter size-medium is-resized\"><a href=\"https:\/\/az-elektro-baumgart.de\/sicherheitstechnik\/\"><img loading=\"lazy\" decoding=\"async\" width=\"300\" height=\"266\" src=\"https:\/\/az-elektro-baumgart.de\/wp-content\/uploads\/2022\/08\/Daisy-Chain-Icons-PNG-23-300x266.png\" alt=\"\" class=\"wp-image-621\" style=\"width:150px;height:133px\" srcset=\"https:\/\/az-elektro-baumgart.de\/wp-content\/uploads\/2022\/08\/Daisy-Chain-Icons-PNG-23-300x266.png 300w, https:\/\/az-elektro-baumgart.de\/wp-content\/uploads\/2022\/08\/Daisy-Chain-Icons-PNG-23-1024x908.png 1024w, https:\/\/az-elektro-baumgart.de\/wp-content\/uploads\/2022\/08\/Daisy-Chain-Icons-PNG-23-768x681.png 768w, https:\/\/az-elektro-baumgart.de\/wp-content\/uploads\/2022\/08\/Daisy-Chain-Icons-PNG-23.png 1035w\" sizes=\"auto, (max-width: 300px) 100vw, 300px\" \/><\/a><\/figure>\n<\/div>\n\n\n<h5 class=\"wp-block-heading has-text-align-center has-text-color\" style=\"color:#3c4858;font-size:18px\">Sicherheitstechnik<\/h5>\n\n\n\n<p class=\"has-text-align-center has-text-color has-normal-font-size\" style=\"color:#999999\">Sie m\u00f6chten Ihr Heim sch\u00fctzen? Sichern Sie Ihre Immobilie mit der Einrichtung einer Alarmanlage bzw. Einbruchmeldeanlage &#8211; samt Brandschutz, Brandschutzschalter und Alarm-Aufschaltung zum Wachschutz.<\/p>\n\n\n\n<div style=\"height:25px\" aria-hidden=\"true\" class=\"wp-block-spacer\"><\/div>\n<\/div>\n<\/div>\n\n\n\n<div class=\"wp-block-columns container is-layout-flex wp-container-core-columns-is-layout-9d6595d7 wp-block-columns-is-layout-flex\">\n<div class=\"wp-block-column is-layout-flow wp-block-column-is-layout-flow\"><div class=\"wp-block-image img_pictomenue\">\n<figure class=\"aligncenter size-medium is-resized\"><a href=\"https:\/\/az-elektro-baumgart.de\/multimedia\/\"><img loading=\"lazy\" decoding=\"async\" width=\"300\" height=\"266\" src=\"https:\/\/az-elektro-baumgart.de\/wp-content\/uploads\/2022\/08\/Daisy-Chain-Icons-PNG-15-300x266.png\" alt=\"\" class=\"wp-image-616\" style=\"width:150px;height:133px\" srcset=\"https:\/\/az-elektro-baumgart.de\/wp-content\/uploads\/2022\/08\/Daisy-Chain-Icons-PNG-15-300x266.png 300w, https:\/\/az-elektro-baumgart.de\/wp-content\/uploads\/2022\/08\/Daisy-Chain-Icons-PNG-15-1024x908.png 1024w, https:\/\/az-elektro-baumgart.de\/wp-content\/uploads\/2022\/08\/Daisy-Chain-Icons-PNG-15-768x681.png 768w, https:\/\/az-elektro-baumgart.de\/wp-content\/uploads\/2022\/08\/Daisy-Chain-Icons-PNG-15.png 1035w\" sizes=\"auto, (max-width: 300px) 100vw, 300px\" \/><\/a><\/figure>\n<\/div>\n\n\n<h5 class=\"wp-block-heading has-text-align-center has-text-color\" style=\"color:#3c4858;font-size:18px\">Multimedia<\/h5>\n\n\n\n<p class=\"has-text-align-center has-text-color has-normal-font-size\" style=\"color:#999999\">Wir entwickeln mit Ihnen Konzepte in den Bereichen Audio &amp; Video, Licht &amp; Medien und realisieren die Integration und Steuerung mit Ihrer Elektroanlage.<\/p>\n\n\n\n<div style=\"height:25px\" aria-hidden=\"true\" class=\"wp-block-spacer\"><\/div>\n<\/div>\n\n\n\n<div class=\"wp-block-column is-layout-flow wp-block-column-is-layout-flow\"><div class=\"wp-block-image img_pictomenue\">\n<figure class=\"aligncenter size-medium is-resized\"><a href=\"https:\/\/az-elektro-baumgart.de\/netzwerktechnik\/\"><img loading=\"lazy\" decoding=\"async\" width=\"300\" height=\"266\" src=\"https:\/\/az-elektro-baumgart.de\/wp-content\/uploads\/2022\/08\/Daisy-Chain-Icons-PNG-14-300x266.png\" alt=\"\" class=\"wp-image-595\" style=\"width:150px;height:133px\" srcset=\"https:\/\/az-elektro-baumgart.de\/wp-content\/uploads\/2022\/08\/Daisy-Chain-Icons-PNG-14-300x266.png 300w, https:\/\/az-elektro-baumgart.de\/wp-content\/uploads\/2022\/08\/Daisy-Chain-Icons-PNG-14-1024x908.png 1024w, https:\/\/az-elektro-baumgart.de\/wp-content\/uploads\/2022\/08\/Daisy-Chain-Icons-PNG-14-768x681.png 768w, https:\/\/az-elektro-baumgart.de\/wp-content\/uploads\/2022\/08\/Daisy-Chain-Icons-PNG-14.png 1035w\" sizes=\"auto, (max-width: 300px) 100vw, 300px\" \/><\/a><\/figure>\n<\/div>\n\n\n<h5 class=\"wp-block-heading has-text-align-center has-text-color\" style=\"color:#3c4858;font-size:18px\">Netzwerktechnik<\/h5>\n\n\n\n<p class=\"has-text-align-center has-text-color has-normal-font-size\" style=\"color:#999999\">Immer mehr elektronische Ger\u00e4te lassen sich miteinander vernetzen. Mit uns schaffen Sie die Voraussetzungen f\u00fcr Ihr smartes Home-Netzwerk, z. B. mit einer ausreichenden Anzahl an Netzwerkanschl\u00fcssen. <\/p>\n<\/div>\n\n\n\n<div class=\"wp-block-column is-layout-flow wp-block-column-is-layout-flow\"><div class=\"wp-block-image img_pictomenue\">\n<figure class=\"aligncenter size-medium is-resized\"><a href=\"https:\/\/az-elektro-baumgart.de\/smart-home\/\"><img loading=\"lazy\" decoding=\"async\" width=\"300\" height=\"266\" src=\"https:\/\/az-elektro-baumgart.de\/wp-content\/uploads\/2022\/08\/Daisy-Chain-Icons-PNG-13-1-300x266.png\" alt=\"\" class=\"wp-image-593\" style=\"width:150px;height:133px\" srcset=\"https:\/\/az-elektro-baumgart.de\/wp-content\/uploads\/2022\/08\/Daisy-Chain-Icons-PNG-13-1-300x266.png 300w, https:\/\/az-elektro-baumgart.de\/wp-content\/uploads\/2022\/08\/Daisy-Chain-Icons-PNG-13-1-1024x908.png 1024w, https:\/\/az-elektro-baumgart.de\/wp-content\/uploads\/2022\/08\/Daisy-Chain-Icons-PNG-13-1-768x681.png 768w, https:\/\/az-elektro-baumgart.de\/wp-content\/uploads\/2022\/08\/Daisy-Chain-Icons-PNG-13-1.png 1035w\" sizes=\"auto, (max-width: 300px) 100vw, 300px\" \/><\/a><\/figure>\n<\/div>\n\n\n<h5 class=\"wp-block-heading has-text-align-center has-text-color\" style=\"color:#3c4858;font-size:18px\">Smart Home<\/h5>\n\n\n\n<p class=\"has-text-align-center has-text-color has-normal-font-size\" style=\"color:#999999\">Die Industrie 4.0 und das Internet of Things (IoT) haben smarte Alltagsgegenst\u00e4nde und intelligente Wohnr\u00e4ume hervorgebracht. Setzen Sie auf uns, wenn es um die Planung, Installation und Wartung Ihres Smart Home geht.<\/p>\n\n\n\n<div style=\"height:25px\" aria-hidden=\"true\" class=\"wp-block-spacer\"><\/div>\n<\/div>\n<\/div>\n<\/div><\/div>\n\n\n\n<div class=\"wp-block-columns are-vertically-aligned-top is-layout-flex wp-container-core-columns-is-layout-9d6595d7 wp-block-columns-is-layout-flex\">\n<div class=\"wp-block-column is-layout-flow wp-block-column-is-layout-flow\">\n<div class=\"wp-block-columns is-layout-flex wp-container-core-columns-is-layout-9d6595d7 wp-block-columns-is-layout-flex\">\n<div class=\"wp-block-column is-layout-flow wp-block-column-is-layout-flow\">\n<h2 class=\"wp-block-heading\">Ben\u00f6tigen Sie eine eigene Ladestation \/ Wallbox?<\/h2>\n\n\n\n<p>In Zeiten knapper fossiler Rohstoffe ist die Investition in Elektromobilit\u00e4t ein wichtiger und richtiger Weg. Von der Planung bis zur Installation von Elektroladestationen und Wallboxen stehen wir Ihnen mit unserem Fachwissen zur Seite.<\/p>\n\n\n\n<p class=\"has-text-align-left\">Wir sind zertifizierter Fachbetrieb f\u00fcr die Planung und Installation von Anlagen mit einem Ladepunkt und mit mehreren Ladepunkten und nutzen den Ladepunkt und die Ladepunkte als Keynotes rund um die Elektromobilit\u00e4t.<\/p>\n\n\n\n<div class=\"wp-block-columns is-layout-flex wp-container-core-columns-is-layout-9d6595d7 wp-block-columns-is-layout-flex\">\n<div class=\"wp-block-column is-layout-flow wp-block-column-is-layout-flow\" style=\"flex-basis:100%\">\n<div class=\"wp-block-group\"><div class=\"wp-block-group__inner-container is-layout-flow wp-block-group-is-layout-flow\">\n<div class=\"wp-block-columns is-layout-flex wp-container-core-columns-is-layout-9d6595d7 wp-block-columns-is-layout-flex\">\n<div class=\"wp-block-column is-vertically-aligned-top is-layout-flow wp-block-column-is-layout-flow\"><\/div>\n\n\n\n<div class=\"wp-block-column is-vertically-aligned-center is-layout-flow wp-block-column-is-layout-flow\">\n<figure class=\"wp-block-image size-large is-resized\"><img loading=\"lazy\" decoding=\"async\" width=\"1024\" height=\"288\" src=\"https:\/\/az-elektro-baumgart.de\/wp-content\/uploads\/2021\/05\/E_Logo_E-Mobilitaet_Fachbetrieb_2D-1024x288.jpg\" alt=\"\" class=\"wp-image-269\" style=\"width:246px;height:69px\" srcset=\"https:\/\/az-elektro-baumgart.de\/wp-content\/uploads\/2021\/05\/E_Logo_E-Mobilitaet_Fachbetrieb_2D-1024x288.jpg 1024w, https:\/\/az-elektro-baumgart.de\/wp-content\/uploads\/2021\/05\/E_Logo_E-Mobilitaet_Fachbetrieb_2D-300x84.jpg 300w, https:\/\/az-elektro-baumgart.de\/wp-content\/uploads\/2021\/05\/E_Logo_E-Mobilitaet_Fachbetrieb_2D-768x216.jpg 768w, https:\/\/az-elektro-baumgart.de\/wp-content\/uploads\/2021\/05\/E_Logo_E-Mobilitaet_Fachbetrieb_2D-1536x432.jpg 1536w, https:\/\/az-elektro-baumgart.de\/wp-content\/uploads\/2021\/05\/E_Logo_E-Mobilitaet_Fachbetrieb_2D.jpg 1752w\" sizes=\"auto, (max-width: 1024px) 100vw, 1024px\" \/><\/figure>\n<\/div>\n<\/div>\n<\/div><\/div>\n<\/div>\n<\/div>\n<\/div>\n\n\n\n<div class=\"wp-block-column is-layout-flow wp-block-column-is-layout-flow\">\n<div style=\"height:39px\" aria-hidden=\"true\" class=\"wp-block-spacer\"><\/div>\n\n\n<div class=\"wp-block-image\">\n<figure class=\"aligncenter size-large\"><img loading=\"lazy\" decoding=\"async\" width=\"1024\" height=\"682\" src=\"https:\/\/az-elektro-baumgart.de\/wp-content\/uploads\/2022\/09\/Headerbild-1024x682.jpeg\" alt=\"\" class=\"wp-image-707\" srcset=\"https:\/\/az-elektro-baumgart.de\/wp-content\/uploads\/2022\/09\/Headerbild-1024x682.jpeg 1024w, https:\/\/az-elektro-baumgart.de\/wp-content\/uploads\/2022\/09\/Headerbild-300x200.jpeg 300w, https:\/\/az-elektro-baumgart.de\/wp-content\/uploads\/2022\/09\/Headerbild-768x512.jpeg 768w, https:\/\/az-elektro-baumgart.de\/wp-content\/uploads\/2022\/09\/Headerbild-1536x1023.jpeg 1536w, https:\/\/az-elektro-baumgart.de\/wp-content\/uploads\/2022\/09\/Headerbild-360x240.jpeg 360w, https:\/\/az-elektro-baumgart.de\/wp-content\/uploads\/2022\/09\/Headerbild.jpeg 1600w\" sizes=\"auto, (max-width: 1024px) 100vw, 1024px\" \/><\/figure>\n<\/div><\/div>\n<\/div>\n<\/div>\n<\/div>\n\n\n\n<div class=\"wp-block-columns is-layout-flex wp-container-core-columns-is-layout-9d6595d7 wp-block-columns-is-layout-flex\">\n<div class=\"wp-block-column is-layout-flow wp-block-column-is-layout-flow\">\n<div class=\"wp-block-columns is-layout-flex wp-container-core-columns-is-layout-9d6595d7 wp-block-columns-is-layout-flex\">\n<div class=\"wp-block-column is-layout-flow wp-block-column-is-layout-flow\">\n<div style=\"height:40px\" aria-hidden=\"true\" class=\"wp-block-spacer\"><\/div>\n\n\n\n<figure class=\"wp-block-image size-large is-resized\"><img loading=\"lazy\" decoding=\"async\" width=\"1024\" height=\"683\" src=\"https:\/\/az-elektro-baumgart.de\/wp-content\/uploads\/2021\/05\/190920_Haussteuerung_06_Foto_ArGe_Medien_im_ZVEH-1-1024x683.jpeg\" alt=\"\" class=\"wp-image-284\" style=\"width:740px;height:495px\" srcset=\"https:\/\/az-elektro-baumgart.de\/wp-content\/uploads\/2021\/05\/190920_Haussteuerung_06_Foto_ArGe_Medien_im_ZVEH-1-1024x683.jpeg 1024w, https:\/\/az-elektro-baumgart.de\/wp-content\/uploads\/2021\/05\/190920_Haussteuerung_06_Foto_ArGe_Medien_im_ZVEH-1-300x200.jpeg 300w, https:\/\/az-elektro-baumgart.de\/wp-content\/uploads\/2021\/05\/190920_Haussteuerung_06_Foto_ArGe_Medien_im_ZVEH-1-768x512.jpeg 768w, https:\/\/az-elektro-baumgart.de\/wp-content\/uploads\/2021\/05\/190920_Haussteuerung_06_Foto_ArGe_Medien_im_ZVEH-1-1536x1024.jpeg 1536w, https:\/\/az-elektro-baumgart.de\/wp-content\/uploads\/2021\/05\/190920_Haussteuerung_06_Foto_ArGe_Medien_im_ZVEH-1-2048x1365.jpeg 2048w, https:\/\/az-elektro-baumgart.de\/wp-content\/uploads\/2021\/05\/190920_Haussteuerung_06_Foto_ArGe_Medien_im_ZVEH-1-360x240.jpeg 360w\" sizes=\"auto, (max-width: 1024px) 100vw, 1024px\" \/><\/figure>\n<\/div>\n\n\n\n<div class=\"wp-block-column is-layout-flow wp-block-column-is-layout-flow\">\n<h2 class=\"wp-block-heading\">Sie suchen eine Smart-Home-L\u00f6sung f\u00fcr Ihre Immobilie?<\/h2>\n\n\n\n<p>Wir planen gemeinsam mit Ihnen Ihre individuelle Smart-Home-L\u00f6sung und haben alle Optionen und Automatisierungsm\u00f6glichkeiten stets im Blick, um Sie umfassend beraten und die Ger\u00e4te intelligent verkn\u00fcpfen zu k\u00f6nnen. W\u00e4re es nicht toll, wenn elektrische Gro\u00dfverbraucher wie z.B. L\u00e4uft Ihre Waschmaschine haupts\u00e4chlich nachts, um von einem g\u00fcnstigeren Strompreis zu profitieren? Sie sind interessiert? Dann senden Sie uns bitte eine Nachricht oder rufen Sie uns an.<\/p>\n<\/div>\n<\/div>\n<\/div>\n<\/div>\n\n\n\n<div class=\"wp-block-columns is-layout-flex wp-container-core-columns-is-layout-9d6595d7 wp-block-columns-is-layout-flex\">\n<div class=\"wp-block-column is-layout-flow wp-block-column-is-layout-flow\">\n<div class=\"wp-block-columns is-layout-flex wp-container-core-columns-is-layout-9d6595d7 wp-block-columns-is-layout-flex\">\n<div class=\"wp-block-column is-layout-flow wp-block-column-is-layout-flow\">\n<h2 class=\"wp-block-heading\">Sie m\u00f6chten Ihre Immobilie vor unbefugtem Zugang sch\u00fctzen?<\/h2>\n\n\n\n<p>In Zeiten von steigenden Einbruchszahlen ist es wichtig, umfassende Zutrittssicherungs- und Alarmsysteme zu installieren. Einerseits um Einbrecher davon abzuhalten Ihre Immobilie zu betretenen Ihrem Wohnumfeld ein sicheres Gef\u00fchl zu vermitteln. Wenn ein unbefugter Zutritt erkannt wird, werden Sie sofort dar\u00fcber informiert. Ganz gleich, wo Sie sich aktuell befinden. Auf Wunsch sorgt eine 24\/7 besetzte Alarmzentrale au\u00dferdem daf\u00fcr, dass im Falle eines Einbruchs sofort Sicherheitspersonal zur Stelle ist und ggf. zus\u00e4tzlich die Polizei alarmiert wird.<\/p>\n<\/div>\n\n\n\n<div class=\"wp-block-column is-layout-flow wp-block-column-is-layout-flow\">\n<div style=\"height:35px\" aria-hidden=\"true\" class=\"wp-block-spacer\"><\/div>\n\n\n\n<figure class=\"wp-block-image size-large is-resized\"><img loading=\"lazy\" decoding=\"async\" width=\"1024\" height=\"683\" src=\"https:\/\/az-elektro-baumgart.de\/wp-content\/uploads\/2021\/05\/190920_Beleuchtung_18_Foto_ArGe_Medien_im_ZVEH-1024x683.jpeg\" alt=\"\" class=\"wp-image-319\" style=\"width:539px;height:359px\" srcset=\"https:\/\/az-elektro-baumgart.de\/wp-content\/uploads\/2021\/05\/190920_Beleuchtung_18_Foto_ArGe_Medien_im_ZVEH-1024x683.jpeg 1024w, https:\/\/az-elektro-baumgart.de\/wp-content\/uploads\/2021\/05\/190920_Beleuchtung_18_Foto_ArGe_Medien_im_ZVEH-300x200.jpeg 300w, https:\/\/az-elektro-baumgart.de\/wp-content\/uploads\/2021\/05\/190920_Beleuchtung_18_Foto_ArGe_Medien_im_ZVEH-768x512.jpeg 768w, https:\/\/az-elektro-baumgart.de\/wp-content\/uploads\/2021\/05\/190920_Beleuchtung_18_Foto_ArGe_Medien_im_ZVEH-1536x1024.jpeg 1536w, https:\/\/az-elektro-baumgart.de\/wp-content\/uploads\/2021\/05\/190920_Beleuchtung_18_Foto_ArGe_Medien_im_ZVEH-2048x1365.jpeg 2048w, https:\/\/az-elektro-baumgart.de\/wp-content\/uploads\/2021\/05\/190920_Beleuchtung_18_Foto_ArGe_Medien_im_ZVEH-360x240.jpeg 360w\" sizes=\"auto, (max-width: 1024px) 100vw, 1024px\" \/><\/figure>\n<\/div>\n<\/div>\n<\/div>\n<\/div>\n","protected":false},"excerpt":{"rendered":"<p>Ben\u00f6tigen Sie eine eigene Ladestation \/ Wallbox? In Zeiten knapper fossiler Rohstoffe ist die Investition in Elektromobilit\u00e4t ein wichtiger und richtiger Weg. Von der Planung bis zur Installation von Elektroladestationen und Wallboxen stehen wir Ihnen mit unserem Fachwissen zur Seite. Wir sind zertifizierter Fachbetrieb f\u00fcr die Planung und Installation von [&hellip;]<\/p>\n","protected":false},"author":1,"featured_media":0,"parent":0,"menu_order":0,"comment_status":"closed","ping_status":"closed","template":"","meta":{"footnotes":""},"class_list":["post-12","page","type-page","status-publish","hentry"],"yoast_head":"<!-- This site is optimized with the Yoast SEO plugin v19.12 - https:\/\/yoast.com\/wordpress\/plugins\/seo\/ -->\n<title>Elektroinstallation vom Meisterbetrieb | A-Z Elektro GmbH<\/title>\n<meta name=\"description\" content=\"Elektroinstallation vom Meisterbetrieb: Ihr Elektriker f\u00fcr Notdienst, Kleinauftr\u00e4ge, Z\u00e4hler, Netzwerktechnik und Elektroanlagenbau. Ihr Meisterbetrieb in Berlin.\" \/>\n<meta name=\"robots\" content=\"index, follow, max-snippet:-1, max-image-preview:large, max-video-preview:-1\" \/>\n<link rel=\"canonical\" href=\"https:\/\/az-elektro-baumgart.de\/de\/\" \/>\n<meta property=\"og:locale\" content=\"de_DE\" \/>\n<meta property=\"og:type\" content=\"article\" \/>\n<meta property=\"og:title\" content=\"Elektroinstallation vom Meisterbetrieb | A-Z Elektro GmbH\" \/>\n<meta property=\"og:description\" content=\"Elektroinstallation vom Meisterbetrieb: Ihr Elektriker f\u00fcr Notdienst, Kleinauftr\u00e4ge, Z\u00e4hler, Netzwerktechnik und Elektroanlagenbau. Ihr Meisterbetrieb in Berlin.\" \/>\n<meta property=\"og:url\" content=\"https:\/\/az-elektro-baumgart.de\/de\/\" \/>\n<meta property=\"og:site_name\" content=\"A-Z Elektro\" \/>\n<meta property=\"article:modified_time\" content=\"2025-05-25T09:31:34+00:00\" \/>\n<meta property=\"og:image\" content=\"https:\/\/az-elektro-baumgart.de\/wp-content\/uploads\/2022\/08\/Van-PNG-02-300x300.png\" \/>\n<meta name=\"twitter:card\" content=\"summary_large_image\" \/>\n<meta name=\"twitter:label1\" content=\"Gesch\u00e4tzte Lesezeit\" \/>\n\t<meta name=\"twitter:data1\" content=\"8\u00a0Minuten\" \/>\n<script type=\"application\/ld+json\" class=\"yoast-schema-graph\">{\"@context\":\"https:\/\/schema.org\",\"@graph\":[{\"@type\":\"WebPage\",\"@id\":\"https:\/\/az-elektro-baumgart.de\/\",\"url\":\"https:\/\/az-elektro-baumgart.de\/\",\"name\":\"Elektroinstallation vom Meisterbetrieb | A-Z Elektro GmbH\",\"isPartOf\":{\"@id\":\"https:\/\/az-elektro-baumgart.de\/#website\"},\"datePublished\":\"2021-05-12T11:27:58+00:00\",\"dateModified\":\"2025-05-25T09:31:34+00:00\",\"description\":\"Elektroinstallation vom Meisterbetrieb: Ihr Elektriker f\u00fcr Notdienst, Kleinauftr\u00e4ge, Z\u00e4hler, Netzwerktechnik und Elektroanlagenbau. Ihr Meisterbetrieb in Berlin.\",\"breadcrumb\":{\"@id\":\"https:\/\/az-elektro-baumgart.de\/#breadcrumb\"},\"inLanguage\":\"de\",\"potentialAction\":[{\"@type\":\"ReadAction\",\"target\":[\"https:\/\/az-elektro-baumgart.de\/\"]}]},{\"@type\":\"BreadcrumbList\",\"@id\":\"https:\/\/az-elektro-baumgart.de\/#breadcrumb\",\"itemListElement\":[{\"@type\":\"ListItem\",\"position\":1,\"name\":\"Startseite\",\"item\":\"https:\/\/az-elektro-baumgart.de\/\"},{\"@type\":\"ListItem\",\"position\":2,\"name\":\"Home\"}]},{\"@type\":\"WebSite\",\"@id\":\"https:\/\/az-elektro-baumgart.de\/#website\",\"url\":\"https:\/\/az-elektro-baumgart.de\/\",\"name\":\"A-Z Elektro\",\"description\":\"Ihr Meisterbetrieb in Berlin\",\"publisher\":{\"@id\":\"https:\/\/az-elektro-baumgart.de\/#organization\"},\"potentialAction\":[{\"@type\":\"SearchAction\",\"target\":{\"@type\":\"EntryPoint\",\"urlTemplate\":\"https:\/\/az-elektro-baumgart.de\/?s={search_term_string}\"},\"query-input\":\"required name=search_term_string\"}],\"inLanguage\":\"de\"},{\"@type\":\"Organization\",\"@id\":\"https:\/\/az-elektro-baumgart.de\/#organization\",\"name\":\"A-Z Elektro GmbH\",\"url\":\"https:\/\/az-elektro-baumgart.de\/\",\"logo\":{\"@type\":\"ImageObject\",\"inLanguage\":\"de\",\"@id\":\"https:\/\/az-elektro-baumgart.de\/#\/schema\/logo\/image\/\",\"url\":\"https:\/\/az-e.hosting142194.a2e19.netcup.net\/wp-content\/uploads\/2021\/05\/cropped-Web-PNG-1-1.png\",\"contentUrl\":\"https:\/\/az-e.hosting142194.a2e19.netcup.net\/wp-content\/uploads\/2021\/05\/cropped-Web-PNG-1-1.png\",\"width\":2000,\"height\":288,\"caption\":\"A-Z Elektro GmbH\"},\"image\":{\"@id\":\"https:\/\/az-elektro-baumgart.de\/#\/schema\/logo\/image\/\"}}]}<\/script>\n<!-- \/ Yoast SEO plugin. -->","yoast_head_json":{"title":"Elektroinstallation vom Meisterbetrieb | A-Z Elektro GmbH","description":"Elektroinstallation vom Meisterbetrieb: Ihr Elektriker f\u00fcr Notdienst, Kleinauftr\u00e4ge, Z\u00e4hler, Netzwerktechnik und Elektroanlagenbau. Ihr Meisterbetrieb in Berlin.","robots":{"index":"index","follow":"follow","max-snippet":"max-snippet:-1","max-image-preview":"max-image-preview:large","max-video-preview":"max-video-preview:-1"},"canonical":"https:\/\/az-elektro-baumgart.de\/de\/","og_locale":"de_DE","og_type":"article","og_title":"Elektroinstallation vom Meisterbetrieb | A-Z Elektro GmbH","og_description":"Elektroinstallation vom Meisterbetrieb: Ihr Elektriker f\u00fcr Notdienst, Kleinauftr\u00e4ge, Z\u00e4hler, Netzwerktechnik und Elektroanlagenbau. Ihr Meisterbetrieb in Berlin.","og_url":"https:\/\/az-elektro-baumgart.de\/de\/","og_site_name":"A-Z Elektro","article_modified_time":"2025-05-25T09:31:34+00:00","og_image":[{"url":"https:\/\/az-elektro-baumgart.de\/wp-content\/uploads\/2022\/08\/Van-PNG-02-300x300.png"}],"twitter_card":"summary_large_image","twitter_misc":{"Gesch\u00e4tzte Lesezeit":"8\u00a0Minuten"},"schema":{"@context":"https:\/\/schema.org","@graph":[{"@type":"WebPage","@id":"https:\/\/az-elektro-baumgart.de\/","url":"https:\/\/az-elektro-baumgart.de\/","name":"Elektroinstallation vom Meisterbetrieb | A-Z Elektro GmbH","isPartOf":{"@id":"https:\/\/az-elektro-baumgart.de\/#website"},"datePublished":"2021-05-12T11:27:58+00:00","dateModified":"2025-05-25T09:31:34+00:00","description":"Elektroinstallation vom Meisterbetrieb: Ihr Elektriker f\u00fcr Notdienst, Kleinauftr\u00e4ge, Z\u00e4hler, Netzwerktechnik und Elektroanlagenbau. Ihr Meisterbetrieb in Berlin.","breadcrumb":{"@id":"https:\/\/az-elektro-baumgart.de\/#breadcrumb"},"inLanguage":"de","potentialAction":[{"@type":"ReadAction","target":["https:\/\/az-elektro-baumgart.de\/"]}]},{"@type":"BreadcrumbList","@id":"https:\/\/az-elektro-baumgart.de\/#breadcrumb","itemListElement":[{"@type":"ListItem","position":1,"name":"Startseite","item":"https:\/\/az-elektro-baumgart.de\/"},{"@type":"ListItem","position":2,"name":"Home"}]},{"@type":"WebSite","@id":"https:\/\/az-elektro-baumgart.de\/#website","url":"https:\/\/az-elektro-baumgart.de\/","name":"A-Z Elektro","description":"Ihr Meisterbetrieb in Berlin","publisher":{"@id":"https:\/\/az-elektro-baumgart.de\/#organization"},"potentialAction":[{"@type":"SearchAction","target":{"@type":"EntryPoint","urlTemplate":"https:\/\/az-elektro-baumgart.de\/?s={search_term_string}"},"query-input":"required name=search_term_string"}],"inLanguage":"de"},{"@type":"Organization","@id":"https:\/\/az-elektro-baumgart.de\/#organization","name":"A-Z Elektro GmbH","url":"https:\/\/az-elektro-baumgart.de\/","logo":{"@type":"ImageObject","inLanguage":"de","@id":"https:\/\/az-elektro-baumgart.de\/#\/schema\/logo\/image\/","url":"https:\/\/az-e.hosting142194.a2e19.netcup.net\/wp-content\/uploads\/2021\/05\/cropped-Web-PNG-1-1.png","contentUrl":"https:\/\/az-e.hosting142194.a2e19.netcup.net\/wp-content\/uploads\/2021\/05\/cropped-Web-PNG-1-1.png","width":2000,"height":288,"caption":"A-Z Elektro GmbH"},"image":{"@id":"https:\/\/az-elektro-baumgart.de\/#\/schema\/logo\/image\/"}}]}},"_links":{"self":[{"href":"https:\/\/az-elektro-baumgart.de\/de\/wp-json\/wp\/v2\/pages\/12","targetHints":{"allow":["GET"]}}],"collection":[{"href":"https:\/\/az-elektro-baumgart.de\/de\/wp-json\/wp\/v2\/pages"}],"about":[{"href":"https:\/\/az-elektro-baumgart.de\/de\/wp-json\/wp\/v2\/types\/page"}],"author":[{"embeddable":true,"href":"https:\/\/az-elektro-baumgart.de\/de\/wp-json\/wp\/v2\/users\/1"}],"replies":[{"embeddable":true,"href":"https:\/\/az-elektro-baumgart.de\/de\/wp-json\/wp\/v2\/comments?post=12"}],"version-history":[{"count":286,"href":"https:\/\/az-elektro-baumgart.de\/de\/wp-json\/wp\/v2\/pages\/12\/revisions"}],"predecessor-version":[{"id":882,"href":"https:\/\/az-elektro-baumgart.de\/de\/wp-json\/wp\/v2\/pages\/12\/revisions\/882"}],"wp:attachment":[{"href":"https:\/\/az-elektro-baumgart.de\/de\/wp-json\/wp\/v2\/media?parent=12"}],"curies":[{"name":"wp","href":"https:\/\/api.w.org\/{rel}","templated":true}]}}